{"id":31694,"date":"2025-01-09T14:20:59","date_gmt":"2025-01-09T14:20:59","guid":{"rendered":"https:\/\/essentials.grandado.com\/?post_type=product&#038;p=31694"},"modified":"2026-02-05T20:27:19","modified_gmt":"2026-02-05T20:27:19","slug":"portable-air-conditioner","status":"publish","type":"product","link":"https:\/\/essentials.grandado.com\/de\/produkt\/portable-air-conditioner\/","title":{"rendered":"Tragbares Klimager\u00e4t"},"content":{"rendered":"<div data-elementor-type=\"wp-post\" data-elementor-id=\"31694\" class=\"elementor elementor-31694\" data-elementor-post-type=\"product\">\n\t\t\t\t<div class=\"elementor-element elementor-element-e53736b e-flex e-con-boxed e-con e-parent\" data-id=\"e53736b\" data-element_type=\"container\" data-e-type=\"container\">\n\t\t\t\t\t<div class=\"e-con-inner\">\n\t\t\t\t<div class=\"elementor-element elementor-element-c483012 elementor-widget elementor-widget-text-editor\" data-id=\"c483012\" data-element_type=\"widget\" data-e-type=\"widget\" data-widget_type=\"text-editor.default\">\n\t\t\t\t<div class=\"elementor-widget-container\">\n\t\t\t\t\t\t\t\t\t<p><strong>3-in-1-Multifunktionsdesign:<\/strong><br \/>Funktioniert als pers\u00f6nlicher Ventilator, Klimager\u00e4t und Luftbefeuchter. Perfekt zur Abk\u00fchlung im Sommer oder zur Befeuchtung der trockenen Luft im Herbst und Winter.<\/p><p><strong>7-farbige LED-Beleuchtung &amp; Ger\u00e4uscharm:<\/strong><br \/>Das beruhigende 7-farbige LED-Licht sorgt f\u00fcr ein entspannendes Ambiente und arbeitet leise, um ruhige N\u00e4chte zu gew\u00e4hrleisten.<\/p><p><strong>Anpassbare K\u00fchlung:<\/strong><br \/>Bietet 3 Windgeschwindigkeitsmodi (Niedrig\/Mittel\/Hoch) und 3 Spr\u00fchnebeloptionen, um Ihren Komfortbed\u00fcrfnissen gerecht zu werden.<\/p><p><strong>Tragbar und energiesparend:<\/strong><br \/>Kompakt und leicht, ideal f\u00fcr zu Hause, im B\u00fcro, beim Camping oder bei Outdoor-Aktivit\u00e4ten. Stromversorgung \u00fcber USB f\u00fcr Bequemlichkeit und geringen Stromverbrauch.<\/p><p><strong>Gro\u00dfer Wassertank:<\/strong><br \/>Das Fassungsverm\u00f6gen von 600 ml bietet bis zu 12 Stunden k\u00fchlenden Nebel, wenn es mit Eis und Wasser gef\u00fcllt ist.<\/p><p>Mit diesem vielseitigen und energieeffizienten tragbaren Klimager\u00e4t bleiben Sie \u00fcberall erfrischt!<\/p><p><strong>Spezifikationen:<\/strong><\/p><ul><li><strong>Produktgr\u00f6\u00dfe:<\/strong> 21cm x 9cm x 26cm<\/li><li><strong>Gewicht:<\/strong> 685g (ohne Wasser)<\/li><li><strong>Macht:<\/strong> 10W Max<\/li><li><strong>Spannung:<\/strong> 5V<\/li><li><strong>Elektrischer Strom:<\/strong> 2A Max<\/li><li><strong>Blowing Distance:<\/strong> 2,5 m Max.<\/li><li><strong>Stecker Typ:<\/strong> Typ-C USB-Stecker<\/li><li><strong>Kapazit\u00e4t des Wassertanks:<\/strong> 600ml<\/li><li><strong>Nebel Volumen:<\/strong> 225ml\/h Max<\/li><li><strong>Nebel Dauer:<\/strong> 2,5h - 12h<\/li><\/ul>\t\t\t\t\t\t\t\t<\/div>\n\t\t\t\t<\/div>\n\t\t\t\t\t<\/div>\n\t\t\t\t<\/div>\n\t\t<div class=\"elementor-element elementor-element-4fbe30a e-flex e-con-boxed e-con e-parent\" data-id=\"4fbe30a\" data-element_type=\"container\" data-e-type=\"container\">\n\t\t\t\t\t<div class=\"e-con-inner\">\n\t\t\t\t<div class=\"elementor-element elementor-element-9bff710 elementor-widget elementor-widget-text-editor\" data-id=\"9bff710\" data-element_type=\"widget\" data-e-type=\"widget\" data-widget_type=\"text-editor.default\">\n\t\t\t\t<div class=\"elementor-widget-container\">\n\t\t\t\t\t\t\t\t\t<p class=\"translation-block\">Packungsinhalt:<\/p>\t\t\t\t\t\t\t\t<\/div>\n\t\t\t\t<\/div>\n\t\t\t\t<div class=\"elementor-element elementor-element-18ce9b9 elementor-widget elementor-widget-text-editor\" data-id=\"18ce9b9\" data-element_type=\"widget\" data-e-type=\"widget\" data-widget_type=\"text-editor.default\">\n\t\t\t\t<div class=\"elementor-widget-container\">\n\t\t\t\t\t\t\t\t\t<p>1St\u00fcck - Ventilator<br \/>1St\u00fcck - USB-Kabel<br \/>1St\u00fcck - Gebrauchsanweisung<\/p>\t\t\t\t\t\t\t\t<\/div>\n\t\t\t\t<\/div>\n\t\t\t\t\t<\/div>\n\t\t\t\t<\/div>\n\t\t\t\t<\/div>","protected":false},"excerpt":{"rendered":"<p>3-in-1 Multifunctional Design: Functions as a personal fan, air conditioner, and humidifier. Perfect for cooling down in summer or adding moisture to dry air in autumn and winter. 7-Color LED Lighting &amp; Low Noise: Features soothing 7-color LED lights for a relaxing ambiance, and operates quietly to ensure peaceful nights. Customizable Cooling: Offers 3 wind [&hellip;]<\/p>\n","protected":false},"featured_media":31701,"comment_status":"closed","ping_status":"closed","template":"","meta":[],"product_brand":[],"product_cat":[151],"product_tag":[71,73,125],"class_list":{"0":"post-31694","1":"product","2":"type-product","3":"status-publish","4":"has-post-thumbnail","6":"product_cat-cat-home","7":"product_tag-dress","8":"product_tag-fashion","9":"product_tag-women","11":"first","12":"instock","13":"sale","14":"shipping-taxable","15":"purchasable","16":"product-type-variable","17":"add-to-wishlist-after_add_to_cart"},"_links":{"self":[{"href":"https:\/\/essentials.grandado.com\/de\/wp-json\/wp\/v2\/product\/31694","targetHints":{"allow":["GET"]}}],"collection":[{"href":"https:\/\/essentials.grandado.com\/de\/wp-json\/wp\/v2\/product"}],"about":[{"href":"https:\/\/essentials.grandado.com\/de\/wp-json\/wp\/v2\/types\/product"}],"replies":[{"embeddable":true,"href":"https:\/\/essentials.grandado.com\/de\/wp-json\/wp\/v2\/comments?post=31694"}],"version-history":[{"count":9,"href":"https:\/\/essentials.grandado.com\/de\/wp-json\/wp\/v2\/product\/31694\/revisions"}],"predecessor-version":[{"id":36797,"href":"https:\/\/essentials.grandado.com\/de\/wp-json\/wp\/v2\/product\/31694\/revisions\/36797"}],"wp:featuredmedia":[{"embeddable":true,"href":"https:\/\/essentials.grandado.com\/de\/wp-json\/wp\/v2\/media\/31701"}],"wp:attachment":[{"href":"https:\/\/essentials.grandado.com\/de\/wp-json\/wp\/v2\/media?parent=31694"}],"wp:term":[{"taxonomy":"product_brand","embeddable":true,"href":"https:\/\/essentials.grandado.com\/de\/wp-json\/wp\/v2\/product_brand?post=31694"},{"taxonomy":"product_cat","embeddable":true,"href":"https:\/\/essentials.grandado.com\/de\/wp-json\/wp\/v2\/product_cat?post=31694"},{"taxonomy":"product_tag","embeddable":true,"href":"https:\/\/essentials.grandado.com\/de\/wp-json\/wp\/v2\/product_tag?post=31694"}],"curies":[{"name":"WordPress","href":"https:\/\/api.w.org\/{rel}","templated":true}]}}